{"id":1644,"date":"2025-02-17T22:13:09","date_gmt":"2025-02-17T21:13:09","guid":{"rendered":"https:\/\/vttlamalmaire.fr\/?page_id=1644"},"modified":"2025-02-17T22:28:27","modified_gmt":"2025-02-17T21:28:27","slug":"sorties-dominicales-2","status":"publish","type":"page","link":"https:\/\/vttlamalmaire.fr\/index.php\/sorties-dominicales-2\/","title":{"rendered":"Sorties dominicales"},"content":{"rendered":"\n<p>D\u00e9part \u00e0 8h30 en \u00e9t\u00e9 et \u00e0 9h00 en hiver de la Salle Vermeulen &#8211; 60610 Lacroix-Saint-Ouen<\/p>\n\n\n<div class=\"pgc-sgb-cb wp-block-pgcsimplygalleryblock-masonry \" data-gallery-id=\"11472588\"><div class=\"sgb-preloader\" id=\"pr_11472588\">\n\t<div class=\"sgb-square\" style=\"background:#d4d4d4\"><\/div>\n\t<div class=\"sgb-square\" style=\"background:#d4d4d4\"><\/div>\n\t<div class=\"sgb-square\" style=\"background:#d4d4d4\"><\/div>\n\t<div class=\"sgb-square\" style=\"background:#d4d4d4\"><\/div><\/div><div class=\"simply-gallery-amp pgc_sgb_slider \" style=\"display: none;\"><div class=\"sgb-gallery\"><div class=\"sgb-item\"><a href=\"https:\/\/vttlamalmaire.fr\/dom1\/\" target=\"_blank\"><img decoding=\"async\" alt=\"\" width=\"300\" height=\"189\" loading=\"lazy\" src=\"http:\/\/vttlamalmaire.fr\/wp-content\/uploads\/2025\/02\/Dom1-300x189.jpg\" srcset=\"http:\/\/vttlamalmaire.fr\/wp-content\/uploads\/2025\/02\/Dom1-300x189.jpg 300w,http:\/\/vttlamalmaire.fr\/wp-content\/uploads\/2025\/02\/Dom1.jpg 950w\" sizes=\"auto, 250px\"\/><\/a><\/div><div class=\"sgb-item\"><a href=\"https:\/\/vttlamalmaire.fr\/dom2\/\" target=\"_blank\"><img decoding=\"async\" alt=\"\" width=\"300\" height=\"189\" loading=\"lazy\" src=\"http:\/\/vttlamalmaire.fr\/wp-content\/uploads\/2025\/02\/Dom2-300x189.jpg\" srcset=\"http:\/\/vttlamalmaire.fr\/wp-content\/uploads\/2025\/02\/Dom2-300x189.jpg 300w,http:\/\/vttlamalmaire.fr\/wp-content\/uploads\/2025\/02\/Dom2.jpg 950w\" sizes=\"auto, 250px\"\/><\/a><\/div><div class=\"sgb-item\"><a href=\"https:\/\/vttlamalmaire.fr\/dom3\/\" target=\"_blank\"><img decoding=\"async\" alt=\"\" width=\"300\" height=\"189\" loading=\"lazy\" src=\"http:\/\/vttlamalmaire.fr\/wp-content\/uploads\/2025\/02\/Dom3-300x189.jpg\" srcset=\"http:\/\/vttlamalmaire.fr\/wp-content\/uploads\/2025\/02\/Dom3-300x189.jpg 300w,http:\/\/vttlamalmaire.fr\/wp-content\/uploads\/2025\/02\/Dom3.jpg 950w\" sizes=\"auto, 250px\"\/><\/a><\/div><div class=\"sgb-item\"><a href=\"https:\/\/vttlamalmaire.fr\/dom4\/\" target=\"_blank\"><img decoding=\"async\" alt=\"\" width=\"300\" height=\"189\" loading=\"lazy\" src=\"http:\/\/vttlamalmaire.fr\/wp-content\/uploads\/2025\/02\/Dom4-300x189.jpg\" srcset=\"http:\/\/vttlamalmaire.fr\/wp-content\/uploads\/2025\/02\/Dom4-300x189.jpg 300w,http:\/\/vttlamalmaire.fr\/wp-content\/uploads\/2025\/02\/Dom4.jpg 950w\" sizes=\"auto, 250px\"\/><\/a><\/div><div class=\"sgb-item\"><a href=\"https:\/\/vttlamalmaire.fr\/dom5\/\" target=\"_blank\"><img decoding=\"async\" alt=\"\" width=\"300\" height=\"189\" loading=\"lazy\" src=\"http:\/\/vttlamalmaire.fr\/wp-content\/uploads\/2025\/02\/Dom5-300x189.jpg\" srcset=\"http:\/\/vttlamalmaire.fr\/wp-content\/uploads\/2025\/02\/Dom5-300x189.jpg 300w,http:\/\/vttlamalmaire.fr\/wp-content\/uploads\/2025\/02\/Dom5.jpg 950w\" sizes=\"auto, 250px\"\/><\/a><\/div><div class=\"sgb-item\"><a href=\"https:\/\/vttlamalmaire.fr\/dom6\/\" target=\"_blank\"><img decoding=\"async\" alt=\"\" width=\"300\" height=\"189\" loading=\"lazy\" src=\"http:\/\/vttlamalmaire.fr\/wp-content\/uploads\/2025\/02\/Dom6-300x189.jpg\" srcset=\"http:\/\/vttlamalmaire.fr\/wp-content\/uploads\/2025\/02\/Dom6-300x189.jpg 300w,http:\/\/vttlamalmaire.fr\/wp-content\/uploads\/2025\/02\/Dom6.jpg 950w\" sizes=\"auto, 250px\"\/><\/a><\/div><div class=\"sgb-item\"><a href=\"https:\/\/vttlamalmaire.fr\/dom7\/\" target=\"_blank\"><img decoding=\"async\" alt=\"\" width=\"300\" height=\"189\" loading=\"lazy\" src=\"http:\/\/vttlamalmaire.fr\/wp-content\/uploads\/2025\/02\/Dom7-300x189.jpg\" srcset=\"http:\/\/vttlamalmaire.fr\/wp-content\/uploads\/2025\/02\/Dom7-300x189.jpg 300w,http:\/\/vttlamalmaire.fr\/wp-content\/uploads\/2025\/02\/Dom7.jpg 950w\" sizes=\"auto, 250px\"\/><\/a><\/div><div class=\"sgb-item\"><a href=\"https:\/\/vttlamalmaire.fr\/dom8\/\" target=\"_blank\"><img decoding=\"async\" alt=\"\" width=\"300\" height=\"189\" loading=\"lazy\" src=\"http:\/\/vttlamalmaire.fr\/wp-content\/uploads\/2025\/02\/Dom8-300x189.jpg\" srcset=\"http:\/\/vttlamalmaire.fr\/wp-content\/uploads\/2025\/02\/Dom8-300x189.jpg 300w,http:\/\/vttlamalmaire.fr\/wp-content\/uploads\/2025\/02\/Dom8.jpg 950w\" sizes=\"auto, 250px\"\/><\/a><\/div><div class=\"sgb-item\"><a href=\"https:\/\/vttlamalmaire.fr\/dom9\/\" target=\"_blank\"><img decoding=\"async\" alt=\"\" width=\"300\" height=\"189\" loading=\"lazy\" src=\"http:\/\/vttlamalmaire.fr\/wp-content\/uploads\/2025\/02\/Dom9-300x189.jpg\" srcset=\"http:\/\/vttlamalmaire.fr\/wp-content\/uploads\/2025\/02\/Dom9-300x189.jpg 300w,http:\/\/vttlamalmaire.fr\/wp-content\/uploads\/2025\/02\/Dom9.jpg 950w\" sizes=\"auto, 250px\"\/><\/a><\/div><\/div><\/div><script type=\"application\/json\" class=\"sgb-data\">{\"collectionthumbRoundedCorners\":3,\"collectionThumbSubMenuDownload\":false,\"collectionThumbSubMenuShare\":false,\"galleryType\":\"pgc_sgb_masonry\",\"galleryId\":\"11472588\",\"images\":[{\"id\":1601,\"title\":\"Dom1\",\"url\":\"http:\/\/vttlamalmaire.fr\/wp-content\/uploads\/2025\/02\/Dom1.jpg\",\"link\":\"https:\/\/vttlamalmaire.fr\/dom1\/\",\"alt\":\"\",\"description\":\"\",\"caption\":\"\",\"mime\":\"image\/jpeg\",\"type\":\"image\",\"width\":950,\"height\":600,\"sizes\":{\"thumbnail\":{\"height\":150,\"width\":150,\"url\":\"http:\/\/vttlamalmaire.fr\/wp-content\/uploads\/2025\/02\/Dom1-150x150.jpg\",\"orientation\":\"landscape\"},\"medium\":{\"height\":189,\"width\":300,\"url\":\"http:\/\/vttlamalmaire.fr\/wp-content\/uploads\/2025\/02\/Dom1-300x189.jpg\",\"orientation\":\"landscape\"},\"full\":{\"url\":\"http:\/\/vttlamalmaire.fr\/wp-content\/uploads\/2025\/02\/Dom1.jpg\",\"height\":600,\"width\":950,\"orientation\":\"landscape\"}},\"imageMeta\":{\"aperture\":\"0\",\"credit\":\"\",\"camera\":\"\",\"caption\":\"\",\"created_timestamp\":\"0\",\"copyright\":\"\",\"focal_length\":\"0\",\"iso\":\"0\",\"shutter_speed\":\"0\",\"title\":\"\",\"orientation\":\"1\",\"keywords\":[]},\"meta\":false,\"postlink\":\"https:\/\/vttlamalmaire.fr\/dom1\/\"},{\"id\":1602,\"title\":\"Dom2\",\"url\":\"http:\/\/vttlamalmaire.fr\/wp-content\/uploads\/2025\/02\/Dom2.jpg\",\"link\":\"https:\/\/vttlamalmaire.fr\/dom2\/\",\"alt\":\"\",\"description\":\"\",\"caption\":\"\",\"mime\":\"image\/jpeg\",\"type\":\"image\",\"width\":950,\"height\":600,\"sizes\":{\"thumbnail\":{\"height\":150,\"width\":150,\"url\":\"http:\/\/vttlamalmaire.fr\/wp-content\/uploads\/2025\/02\/Dom2-150x150.jpg\",\"orientation\":\"landscape\"},\"medium\":{\"height\":189,\"width\":300,\"url\":\"http:\/\/vttlamalmaire.fr\/wp-content\/uploads\/2025\/02\/Dom2-300x189.jpg\",\"orientation\":\"landscape\"},\"full\":{\"url\":\"http:\/\/vttlamalmaire.fr\/wp-content\/uploads\/2025\/02\/Dom2.jpg\",\"height\":600,\"width\":950,\"orientation\":\"landscape\"}},\"imageMeta\":{\"aperture\":\"0\",\"credit\":\"\",\"camera\":\"\",\"caption\":\"\",\"created_timestamp\":\"0\",\"copyright\":\"\",\"focal_length\":\"0\",\"iso\":\"0\",\"shutter_speed\":\"0\",\"title\":\"\",\"orientation\":\"1\",\"keywords\":[]},\"meta\":false,\"postlink\":\"https:\/\/vttlamalmaire.fr\/dom2\/\"},{\"id\":1603,\"title\":\"Dom3\",\"url\":\"http:\/\/vttlamalmaire.fr\/wp-content\/uploads\/2025\/02\/Dom3.jpg\",\"link\":\"https:\/\/vttlamalmaire.fr\/dom3\/\",\"alt\":\"\",\"description\":\"\",\"caption\":\"\",\"mime\":\"image\/jpeg\",\"type\":\"image\",\"width\":950,\"height\":600,\"sizes\":{\"thumbnail\":{\"height\":150,\"width\":150,\"url\":\"http:\/\/vttlamalmaire.fr\/wp-content\/uploads\/2025\/02\/Dom3-150x150.jpg\",\"orientation\":\"landscape\"},\"medium\":{\"height\":189,\"width\":300,\"url\":\"http:\/\/vttlamalmaire.fr\/wp-content\/uploads\/2025\/02\/Dom3-300x189.jpg\",\"orientation\":\"landscape\"},\"full\":{\"url\":\"http:\/\/vttlamalmaire.fr\/wp-content\/uploads\/2025\/02\/Dom3.jpg\",\"height\":600,\"width\":950,\"orientation\":\"landscape\"}},\"imageMeta\":{\"aperture\":\"0\",\"credit\":\"\",\"camera\":\"\",\"caption\":\"\",\"created_timestamp\":\"0\",\"copyright\":\"\",\"focal_length\":\"0\",\"iso\":\"0\",\"shutter_speed\":\"0\",\"title\":\"\",\"orientation\":\"1\",\"keywords\":[]},\"meta\":false,\"postlink\":\"https:\/\/vttlamalmaire.fr\/dom3\/\"},{\"id\":1604,\"title\":\"Dom4\",\"url\":\"http:\/\/vttlamalmaire.fr\/wp-content\/uploads\/2025\/02\/Dom4.jpg\",\"link\":\"https:\/\/vttlamalmaire.fr\/dom4\/\",\"alt\":\"\",\"description\":\"\",\"caption\":\"\",\"mime\":\"image\/jpeg\",\"type\":\"image\",\"width\":950,\"height\":600,\"sizes\":{\"thumbnail\":{\"height\":150,\"width\":150,\"url\":\"http:\/\/vttlamalmaire.fr\/wp-content\/uploads\/2025\/02\/Dom4-150x150.jpg\",\"orientation\":\"landscape\"},\"medium\":{\"height\":189,\"width\":300,\"url\":\"http:\/\/vttlamalmaire.fr\/wp-content\/uploads\/2025\/02\/Dom4-300x189.jpg\",\"orientation\":\"landscape\"},\"full\":{\"url\":\"http:\/\/vttlamalmaire.fr\/wp-content\/uploads\/2025\/02\/Dom4.jpg\",\"height\":600,\"width\":950,\"orientation\":\"landscape\"}},\"imageMeta\":{\"aperture\":\"0\",\"credit\":\"\",\"camera\":\"\",\"caption\":\"\",\"created_timestamp\":\"0\",\"copyright\":\"\",\"focal_length\":\"0\",\"iso\":\"0\",\"shutter_speed\":\"0\",\"title\":\"\",\"orientation\":\"1\",\"keywords\":[]},\"meta\":false,\"postlink\":\"https:\/\/vttlamalmaire.fr\/dom4\/\"},{\"id\":1605,\"title\":\"Dom5\",\"url\":\"http:\/\/vttlamalmaire.fr\/wp-content\/uploads\/2025\/02\/Dom5.jpg\",\"link\":\"https:\/\/vttlamalmaire.fr\/dom5\/\",\"alt\":\"\",\"description\":\"\",\"caption\":\"\",\"mime\":\"image\/jpeg\",\"type\":\"image\",\"width\":950,\"height\":600,\"sizes\":{\"thumbnail\":{\"height\":150,\"width\":150,\"url\":\"http:\/\/vttlamalmaire.fr\/wp-content\/uploads\/2025\/02\/Dom5-150x150.jpg\",\"orientation\":\"landscape\"},\"medium\":{\"height\":189,\"width\":300,\"url\":\"http:\/\/vttlamalmaire.fr\/wp-content\/uploads\/2025\/02\/Dom5-300x189.jpg\",\"orientation\":\"landscape\"},\"full\":{\"url\":\"http:\/\/vttlamalmaire.fr\/wp-content\/uploads\/2025\/02\/Dom5.jpg\",\"height\":600,\"width\":950,\"orientation\":\"landscape\"}},\"imageMeta\":{\"aperture\":\"0\",\"credit\":\"\",\"camera\":\"\",\"caption\":\"\",\"created_timestamp\":\"0\",\"copyright\":\"\",\"focal_length\":\"0\",\"iso\":\"0\",\"shutter_speed\":\"0\",\"title\":\"\",\"orientation\":\"1\",\"keywords\":[]},\"meta\":false,\"postlink\":\"https:\/\/vttlamalmaire.fr\/dom5\/\"},{\"id\":1606,\"title\":\"Dom6\",\"url\":\"http:\/\/vttlamalmaire.fr\/wp-content\/uploads\/2025\/02\/Dom6.jpg\",\"link\":\"https:\/\/vttlamalmaire.fr\/dom6\/\",\"alt\":\"\",\"description\":\"\",\"caption\":\"\",\"mime\":\"image\/jpeg\",\"type\":\"image\",\"width\":950,\"height\":600,\"sizes\":{\"thumbnail\":{\"height\":150,\"width\":150,\"url\":\"http:\/\/vttlamalmaire.fr\/wp-content\/uploads\/2025\/02\/Dom6-150x150.jpg\",\"orientation\":\"landscape\"},\"medium\":{\"height\":189,\"width\":300,\"url\":\"http:\/\/vttlamalmaire.fr\/wp-content\/uploads\/2025\/02\/Dom6-300x189.jpg\",\"orientation\":\"landscape\"},\"full\":{\"url\":\"http:\/\/vttlamalmaire.fr\/wp-content\/uploads\/2025\/02\/Dom6.jpg\",\"height\":600,\"width\":950,\"orientation\":\"landscape\"}},\"imageMeta\":{\"aperture\":\"0\",\"credit\":\"\",\"camera\":\"\",\"caption\":\"\",\"created_timestamp\":\"0\",\"copyright\":\"\",\"focal_length\":\"0\",\"iso\":\"0\",\"shutter_speed\":\"0\",\"title\":\"\",\"orientation\":\"1\",\"keywords\":[]},\"meta\":false,\"postlink\":\"https:\/\/vttlamalmaire.fr\/dom6\/\"},{\"id\":1607,\"title\":\"Dom7\",\"url\":\"http:\/\/vttlamalmaire.fr\/wp-content\/uploads\/2025\/02\/Dom7.jpg\",\"link\":\"https:\/\/vttlamalmaire.fr\/dom7\/\",\"alt\":\"\",\"description\":\"\",\"caption\":\"\",\"mime\":\"image\/jpeg\",\"type\":\"image\",\"width\":950,\"height\":600,\"sizes\":{\"thumbnail\":{\"height\":150,\"width\":150,\"url\":\"http:\/\/vttlamalmaire.fr\/wp-content\/uploads\/2025\/02\/Dom7-150x150.jpg\",\"orientation\":\"landscape\"},\"medium\":{\"height\":189,\"width\":300,\"url\":\"http:\/\/vttlamalmaire.fr\/wp-content\/uploads\/2025\/02\/Dom7-300x189.jpg\",\"orientation\":\"landscape\"},\"full\":{\"url\":\"http:\/\/vttlamalmaire.fr\/wp-content\/uploads\/2025\/02\/Dom7.jpg\",\"height\":600,\"width\":950,\"orientation\":\"landscape\"}},\"imageMeta\":{\"aperture\":\"0\",\"credit\":\"\",\"camera\":\"\",\"caption\":\"\",\"created_timestamp\":\"0\",\"copyright\":\"\",\"focal_length\":\"0\",\"iso\":\"0\",\"shutter_speed\":\"0\",\"title\":\"\",\"orientation\":\"1\",\"keywords\":[]},\"meta\":false,\"postlink\":\"https:\/\/vttlamalmaire.fr\/dom7\/\"},{\"id\":1608,\"title\":\"Dom8\",\"url\":\"http:\/\/vttlamalmaire.fr\/wp-content\/uploads\/2025\/02\/Dom8.jpg\",\"link\":\"https:\/\/vttlamalmaire.fr\/dom8\/\",\"alt\":\"\",\"description\":\"\",\"caption\":\"\",\"mime\":\"image\/jpeg\",\"type\":\"image\",\"width\":950,\"height\":600,\"sizes\":{\"thumbnail\":{\"height\":150,\"width\":150,\"url\":\"http:\/\/vttlamalmaire.fr\/wp-content\/uploads\/2025\/02\/Dom8-150x150.jpg\",\"orientation\":\"landscape\"},\"medium\":{\"height\":189,\"width\":300,\"url\":\"http:\/\/vttlamalmaire.fr\/wp-content\/uploads\/2025\/02\/Dom8-300x189.jpg\",\"orientation\":\"landscape\"},\"full\":{\"url\":\"http:\/\/vttlamalmaire.fr\/wp-content\/uploads\/2025\/02\/Dom8.jpg\",\"height\":600,\"width\":950,\"orientation\":\"landscape\"}},\"imageMeta\":{\"aperture\":\"0\",\"credit\":\"\",\"camera\":\"\",\"caption\":\"\",\"created_timestamp\":\"0\",\"copyright\":\"\",\"focal_length\":\"0\",\"iso\":\"0\",\"shutter_speed\":\"0\",\"title\":\"\",\"orientation\":\"1\",\"keywords\":[]},\"meta\":false,\"postlink\":\"https:\/\/vttlamalmaire.fr\/dom8\/\"},{\"id\":1609,\"title\":\"Dom9\",\"url\":\"http:\/\/vttlamalmaire.fr\/wp-content\/uploads\/2025\/02\/Dom9.jpg\",\"link\":\"https:\/\/vttlamalmaire.fr\/dom9\/\",\"alt\":\"\",\"description\":\"\",\"caption\":\"\",\"mime\":\"image\/jpeg\",\"type\":\"image\",\"width\":950,\"height\":600,\"sizes\":{\"thumbnail\":{\"height\":150,\"width\":150,\"url\":\"http:\/\/vttlamalmaire.fr\/wp-content\/uploads\/2025\/02\/Dom9-150x150.jpg\",\"orientation\":\"landscape\"},\"medium\":{\"height\":189,\"width\":300,\"url\":\"http:\/\/vttlamalmaire.fr\/wp-content\/uploads\/2025\/02\/Dom9-300x189.jpg\",\"orientation\":\"landscape\"},\"full\":{\"url\":\"http:\/\/vttlamalmaire.fr\/wp-content\/uploads\/2025\/02\/Dom9.jpg\",\"height\":600,\"width\":950,\"orientation\":\"landscape\"}},\"imageMeta\":{\"aperture\":\"0\",\"credit\":\"\",\"camera\":\"\",\"caption\":\"\",\"created_timestamp\":\"0\",\"copyright\":\"\",\"focal_length\":\"0\",\"iso\":\"0\",\"shutter_speed\":\"0\",\"title\":\"\",\"orientation\":\"1\",\"keywords\":[]},\"meta\":false,\"postlink\":\"https:\/\/vttlamalmaire.fr\/dom9\/\"}],\"itemsMetaDataCollection\":[]}<\/script><script>(function(){if(window.PGC_SGB && window.PGC_SGB.searcher){window.PGC_SGB.searcher.initBlocks()}})()<\/script><\/div>","protected":false},"excerpt":{"rendered":"<p>D\u00e9part \u00e0 8h30 en \u00e9t\u00e9 et \u00e0 9h00 en hiver de la Salle Vermeulen &#8211; 60610 Lacroix-Saint-Ouen<\/p>\n","protected":false},"author":1,"featured_media":0,"parent":0,"menu_order":0,"comment_status":"closed","ping_status":"closed","template":"template-fullwidth.php","meta":{"pgc_sgb_lightbox_settings":"","footnotes":""},"class_list":["post-1644","page","type-page","status-publish","hentry"],"yoast_head":"<!-- This site is optimized with the Yoast SEO plugin v24.4 - https:\/\/yoast.com\/wordpress\/plugins\/seo\/ -->\n<title>Sorties dominicales - La Malmaire VTT<\/title>\n<meta name=\"robots\" content=\"index, follow, max-snippet:-1, max-image-preview:large, max-video-preview:-1\" \/>\n<link rel=\"canonical\" href=\"https:\/\/vttlamalmaire.fr\/index.php\/sorties-dominicales-2\/\" \/>\n<meta property=\"og:locale\" content=\"en_US\" \/>\n<meta property=\"og:type\" content=\"article\" \/>\n<meta property=\"og:title\" content=\"Sorties dominicales - La Malmaire VTT\" \/>\n<meta property=\"og:description\" content=\"D\u00e9part \u00e0 8h30 en \u00e9t\u00e9 et \u00e0 9h00 en hiver de la Salle Vermeulen &#8211; 60610 Lacroix-Saint-Ouen\" \/>\n<meta property=\"og:url\" content=\"https:\/\/vttlamalmaire.fr\/index.php\/sorties-dominicales-2\/\" \/>\n<meta property=\"og:site_name\" content=\"La Malmaire VTT\" \/>\n<meta property=\"article:publisher\" content=\"https:\/\/www.facebook.com\/p\/VTT-La-Malmaire-61550856553025\/\" \/>\n<meta property=\"article:modified_time\" content=\"2025-02-17T21:28:27+00:00\" \/>\n<meta property=\"og:image\" content=\"http:\/\/vttlamalmaire.fr\/wp-content\/uploads\/2025\/02\/Dom1.jpg\" \/>\n<meta name=\"twitter:card\" content=\"summary_large_image\" \/>\n<meta name=\"twitter:label1\" content=\"Est. reading time\" \/>\n\t<meta name=\"twitter:data1\" content=\"2 minutes\" \/>\n<script type=\"application\/ld+json\" class=\"yoast-schema-graph\">{\"@context\":\"https:\/\/schema.org\",\"@graph\":[{\"@type\":\"WebPage\",\"@id\":\"https:\/\/vttlamalmaire.fr\/index.php\/sorties-dominicales-2\/\",\"url\":\"https:\/\/vttlamalmaire.fr\/index.php\/sorties-dominicales-2\/\",\"name\":\"Sorties dominicales - La Malmaire VTT\",\"isPartOf\":{\"@id\":\"https:\/\/vttlamalmaire.fr\/#website\"},\"primaryImageOfPage\":{\"@id\":\"https:\/\/vttlamalmaire.fr\/index.php\/sorties-dominicales-2\/#primaryimage\"},\"image\":{\"@id\":\"https:\/\/vttlamalmaire.fr\/index.php\/sorties-dominicales-2\/#primaryimage\"},\"thumbnailUrl\":\"http:\/\/vttlamalmaire.fr\/wp-content\/uploads\/2025\/02\/Dom1.jpg\",\"datePublished\":\"2025-02-17T21:13:09+00:00\",\"dateModified\":\"2025-02-17T21:28:27+00:00\",\"breadcrumb\":{\"@id\":\"https:\/\/vttlamalmaire.fr\/index.php\/sorties-dominicales-2\/#breadcrumb\"},\"inLanguage\":\"en-US\",\"potentialAction\":[{\"@type\":\"ReadAction\",\"target\":[\"https:\/\/vttlamalmaire.fr\/index.php\/sorties-dominicales-2\/\"]}]},{\"@type\":\"ImageObject\",\"inLanguage\":\"en-US\",\"@id\":\"https:\/\/vttlamalmaire.fr\/index.php\/sorties-dominicales-2\/#primaryimage\",\"url\":\"https:\/\/vttlamalmaire.fr\/wp-content\/uploads\/2025\/02\/Dom1.jpg\",\"contentUrl\":\"https:\/\/vttlamalmaire.fr\/wp-content\/uploads\/2025\/02\/Dom1.jpg\",\"width\":950,\"height\":600},{\"@type\":\"BreadcrumbList\",\"@id\":\"https:\/\/vttlamalmaire.fr\/index.php\/sorties-dominicales-2\/#breadcrumb\",\"itemListElement\":[{\"@type\":\"ListItem\",\"position\":1,\"name\":\"Accueil\",\"item\":\"https:\/\/vttlamalmaire.fr\/\"},{\"@type\":\"ListItem\",\"position\":2,\"name\":\"Sorties dominicales\"}]},{\"@type\":\"WebSite\",\"@id\":\"https:\/\/vttlamalmaire.fr\/#website\",\"url\":\"https:\/\/vttlamalmaire.fr\/\",\"name\":\"vttlamalmaire\",\"description\":\"\",\"publisher\":{\"@id\":\"https:\/\/vttlamalmaire.fr\/#organization\"},\"potentialAction\":[{\"@type\":\"SearchAction\",\"target\":{\"@type\":\"EntryPoint\",\"urlTemplate\":\"https:\/\/vttlamalmaire.fr\/?s={search_term_string}\"},\"query-input\":{\"@type\":\"PropertyValueSpecification\",\"valueRequired\":true,\"valueName\":\"search_term_string\"}}],\"inLanguage\":\"en-US\"},{\"@type\":\"Organization\",\"@id\":\"https:\/\/vttlamalmaire.fr\/#organization\",\"name\":\"La Malmaire VTT\",\"url\":\"https:\/\/vttlamalmaire.fr\/\",\"logo\":{\"@type\":\"ImageObject\",\"inLanguage\":\"en-US\",\"@id\":\"https:\/\/vttlamalmaire.fr\/#\/schema\/logo\/image\/\",\"url\":\"https:\/\/vttlamalmaire.fr\/wp-content\/uploads\/2025\/02\/logo-malmaire-texte-bd.jpg\",\"contentUrl\":\"https:\/\/vttlamalmaire.fr\/wp-content\/uploads\/2025\/02\/logo-malmaire-texte-bd.jpg\",\"width\":160,\"height\":22,\"caption\":\"La Malmaire VTT\"},\"image\":{\"@id\":\"https:\/\/vttlamalmaire.fr\/#\/schema\/logo\/image\/\"},\"sameAs\":[\"https:\/\/www.facebook.com\/p\/VTT-La-Malmaire-61550856553025\/\"]}]}<\/script>\n<!-- \/ Yoast SEO plugin. -->","yoast_head_json":{"title":"Sorties dominicales - La Malmaire VTT","robots":{"index":"index","follow":"follow","max-snippet":"max-snippet:-1","max-image-preview":"max-image-preview:large","max-video-preview":"max-video-preview:-1"},"canonical":"https:\/\/vttlamalmaire.fr\/index.php\/sorties-dominicales-2\/","og_locale":"en_US","og_type":"article","og_title":"Sorties dominicales - La Malmaire VTT","og_description":"D\u00e9part \u00e0 8h30 en \u00e9t\u00e9 et \u00e0 9h00 en hiver de la Salle Vermeulen &#8211; 60610 Lacroix-Saint-Ouen","og_url":"https:\/\/vttlamalmaire.fr\/index.php\/sorties-dominicales-2\/","og_site_name":"La Malmaire VTT","article_publisher":"https:\/\/www.facebook.com\/p\/VTT-La-Malmaire-61550856553025\/","article_modified_time":"2025-02-17T21:28:27+00:00","og_image":[{"url":"http:\/\/vttlamalmaire.fr\/wp-content\/uploads\/2025\/02\/Dom1.jpg","type":"","width":"","height":""}],"twitter_card":"summary_large_image","twitter_misc":{"Est. reading time":"2 minutes"},"schema":{"@context":"https:\/\/schema.org","@graph":[{"@type":"WebPage","@id":"https:\/\/vttlamalmaire.fr\/index.php\/sorties-dominicales-2\/","url":"https:\/\/vttlamalmaire.fr\/index.php\/sorties-dominicales-2\/","name":"Sorties dominicales - La Malmaire VTT","isPartOf":{"@id":"https:\/\/vttlamalmaire.fr\/#website"},"primaryImageOfPage":{"@id":"https:\/\/vttlamalmaire.fr\/index.php\/sorties-dominicales-2\/#primaryimage"},"image":{"@id":"https:\/\/vttlamalmaire.fr\/index.php\/sorties-dominicales-2\/#primaryimage"},"thumbnailUrl":"http:\/\/vttlamalmaire.fr\/wp-content\/uploads\/2025\/02\/Dom1.jpg","datePublished":"2025-02-17T21:13:09+00:00","dateModified":"2025-02-17T21:28:27+00:00","breadcrumb":{"@id":"https:\/\/vttlamalmaire.fr\/index.php\/sorties-dominicales-2\/#breadcrumb"},"inLanguage":"en-US","potentialAction":[{"@type":"ReadAction","target":["https:\/\/vttlamalmaire.fr\/index.php\/sorties-dominicales-2\/"]}]},{"@type":"ImageObject","inLanguage":"en-US","@id":"https:\/\/vttlamalmaire.fr\/index.php\/sorties-dominicales-2\/#primaryimage","url":"https:\/\/vttlamalmaire.fr\/wp-content\/uploads\/2025\/02\/Dom1.jpg","contentUrl":"https:\/\/vttlamalmaire.fr\/wp-content\/uploads\/2025\/02\/Dom1.jpg","width":950,"height":600},{"@type":"BreadcrumbList","@id":"https:\/\/vttlamalmaire.fr\/index.php\/sorties-dominicales-2\/#breadcrumb","itemListElement":[{"@type":"ListItem","position":1,"name":"Accueil","item":"https:\/\/vttlamalmaire.fr\/"},{"@type":"ListItem","position":2,"name":"Sorties dominicales"}]},{"@type":"WebSite","@id":"https:\/\/vttlamalmaire.fr\/#website","url":"https:\/\/vttlamalmaire.fr\/","name":"vttlamalmaire","description":"","publisher":{"@id":"https:\/\/vttlamalmaire.fr\/#organization"},"potentialAction":[{"@type":"SearchAction","target":{"@type":"EntryPoint","urlTemplate":"https:\/\/vttlamalmaire.fr\/?s={search_term_string}"},"query-input":{"@type":"PropertyValueSpecification","valueRequired":true,"valueName":"search_term_string"}}],"inLanguage":"en-US"},{"@type":"Organization","@id":"https:\/\/vttlamalmaire.fr\/#organization","name":"La Malmaire VTT","url":"https:\/\/vttlamalmaire.fr\/","logo":{"@type":"ImageObject","inLanguage":"en-US","@id":"https:\/\/vttlamalmaire.fr\/#\/schema\/logo\/image\/","url":"https:\/\/vttlamalmaire.fr\/wp-content\/uploads\/2025\/02\/logo-malmaire-texte-bd.jpg","contentUrl":"https:\/\/vttlamalmaire.fr\/wp-content\/uploads\/2025\/02\/logo-malmaire-texte-bd.jpg","width":160,"height":22,"caption":"La Malmaire VTT"},"image":{"@id":"https:\/\/vttlamalmaire.fr\/#\/schema\/logo\/image\/"},"sameAs":["https:\/\/www.facebook.com\/p\/VTT-La-Malmaire-61550856553025\/"]}]}},"_links":{"self":[{"href":"https:\/\/vttlamalmaire.fr\/index.php\/wp-json\/wp\/v2\/pages\/1644","targetHints":{"allow":["GET"]}}],"collection":[{"href":"https:\/\/vttlamalmaire.fr\/index.php\/wp-json\/wp\/v2\/pages"}],"about":[{"href":"https:\/\/vttlamalmaire.fr\/index.php\/wp-json\/wp\/v2\/types\/page"}],"author":[{"embeddable":true,"href":"https:\/\/vttlamalmaire.fr\/index.php\/wp-json\/wp\/v2\/users\/1"}],"replies":[{"embeddable":true,"href":"https:\/\/vttlamalmaire.fr\/index.php\/wp-json\/wp\/v2\/comments?post=1644"}],"version-history":[{"count":3,"href":"https:\/\/vttlamalmaire.fr\/index.php\/wp-json\/wp\/v2\/pages\/1644\/revisions"}],"predecessor-version":[{"id":1650,"href":"https:\/\/vttlamalmaire.fr\/index.php\/wp-json\/wp\/v2\/pages\/1644\/revisions\/1650"}],"wp:attachment":[{"href":"https:\/\/vttlamalmaire.fr\/index.php\/wp-json\/wp\/v2\/media?parent=1644"}],"curies":[{"name":"wp","href":"https:\/\/api.w.org\/{rel}","templated":true}]}}