{"id":1472,"date":"2025-02-15T17:20:22","date_gmt":"2025-02-15T16:20:22","guid":{"rendered":"https:\/\/vttlamalmaire.fr\/?page_id=1472"},"modified":"2025-04-15T09:22:57","modified_gmt":"2025-04-15T07:22:57","slug":"le-retour-des-hirondelles","status":"publish","type":"page","link":"https:\/\/vttlamalmaire.fr\/index.php\/le-retour-des-hirondelles\/","title":{"rendered":"Le Retour des Hirondelles ANNUL\u00c9E"},"content":{"rendered":"\n<p class=\"has-vivid-red-color has-text-color has-link-color wp-elements-4a045374e9a223191beb840b355cf6cf\">Amis(es) VTTistes,<\/p>\n\n\n\n<p class=\"has-vivid-red-color has-text-color has-link-color wp-elements-2d5cfcdbd674fcabd62a7f7bdd71653d\">Malgr\u00e9 un d\u00e9p\u00f4t de dossier le 10 janvier 2025 sur la plateforme unique &nbsp;pour obtenir les autorisations n\u00e9cessaires \u00e0 l\u2019organisation de notre randonn\u00e9e le RETOUR DES HIRONDELLES, nous sommes actuellement dans l\u2019impossibilit\u00e9 de finaliser nos parcours.<\/p>\n\n\n\n<p class=\"has-vivid-red-color has-text-color has-link-color wp-elements-1ddf7986b95edd7ad0bb888e49802e38\">La Pr\u00e9fecture a valid\u00e9 notre dossier complet le 16 f\u00e9vrier, et ce n\u2019est que le 10 avril que nous avons re\u00e7u une cartographie pr\u00e9sentant les sentiers praticables dans le cadre de manifestations sportives de l\u2019ONF pour la for\u00eat de Compi\u00e8gne.<\/p>\n\n\n\n<p class=\"has-vivid-red-color has-text-color has-link-color wp-elements-7f8b8d995b4c7dbdf0f475e0ff90e0b2\"><strong>Cette carte interdit la quasi totalit\u00e9 des sentiers que nous adorons pratiquer en VTT<\/strong> pour favoriser les chemins larges (jaunes), parfois m\u00eame les d\u00e9partementales.<\/p>\n\n\n\n<p class=\"has-vivid-red-color has-text-color has-link-color wp-elements-e036890f4a99f4944a54985697c0869d\"><strong>C\u2019est incompr\u00e9hensible.<\/strong><\/p>\n\n\n\n<p class=\"has-vivid-red-color has-text-color has-link-color wp-elements-7823da964e8a24a0e10d3f1e793d62ce\">Ayant transmis une requ\u00eate aupr\u00e8s de l\u2019ONF rest\u00e9e \u00e0 ce jour sans r\u00e9ponse et dans l\u2019incertitude la plus compl\u00e8te, <strong>nous sommes dans l\u2019obligation d\u2019annuler cette premi\u00e8re \u00e9dition du RETOUR DES HIRONDELLES<\/strong>. \u00c0 moins de 8 jours ouvr\u00e9s, nous ne pouvons plus engager les d\u00e9penses (plaques cadre, ravitaillement\u2026) pour vous accueillir dans les meilleures conditions.<\/p>\n\n\n\n<p class=\"has-vivid-red-color has-text-color has-link-color wp-elements-a93212e77c63168f78d464ad4b47faa1\">Pour les personnes d\u00e9j\u00e0 inscrites sur ADEORUN, nous proc\u00e9derons au remboursement dans les plus brefs d\u00e9lais.<\/p>\n\n\n\n<p class=\"has-vivid-red-color has-text-color has-link-color wp-elements-264b2edb4999af79745aa856764cbd6c\">Cette d\u00e9cision nous interroge sur le devenir des organisations de loisirs sportifs en for\u00eat domaniale et sur la p\u00e9rennit\u00e9 des BRUMES D\u2019AUTOMNE qui se d\u00e9roule enti\u00e8rement en for\u00eat domaniale. <strong>Nous esp\u00e9rons trouver une solution avec les services de l\u2019ONF pour continuer \u00e0 vous faire d\u00e9couvrir notre magnifique for\u00eat de Compi\u00e8gne<\/strong> comme nous le faisons depuis plus de 20 ans avec nos organisations.<\/p>\n\n\n\n<p class=\"has-vivid-red-color has-text-color has-link-color wp-elements-bbc347dab85e3887f5fbc23d60c07224\">Dans l\u2019attente de vous accueillir prochainement<\/p>\n\n\n\n<p class=\"has-vivid-red-color has-text-color has-link-color wp-elements-eeeec8d23b4b9908d6be71b3d4374d37\">Sportivement<\/p>\n\n\n\n<p class=\"has-vivid-red-color has-text-color has-link-color wp-elements-fcadc7492ed026662cdcda707d70caab\">L\u2019\u00e9quipe de la Malmaire VTT.<\/p>\n\n\n\n<p class=\"has-vivid-red-color has-white-background-color has-text-color has-background has-link-color wp-elements-76e387a32397a5766eb60ab295a36bd1\"><\/p>\n\n\n\n<p><\/p>\n\n\n\n<p><\/p>\n\n\n\n<p><strong>NOUVEAU FORMAT avec des parcours VTT et Gravel.<\/strong><\/p>\n\n\n\n<div class=\"wp-block-media-text is-stacked-on-mobile is-vertically-aligned-center\" style=\"grid-template-columns:49% auto\"><figure class=\"wp-block-media-text__media\"><a href=\"http:\/\/vttlamalmaire.fr\/wp-content\/uploads\/2025\/02\/Affiche-retour-2025-BD.pdf\" target=\"_blank\" rel=\" noreferrer noopener\"><img loading=\"lazy\" decoding=\"async\" width=\"724\" height=\"1024\" src=\"http:\/\/vttlamalmaire.fr\/wp-content\/uploads\/2025\/02\/Affiche-retour-2025-BD-724x1024.jpg\" alt=\"\" class=\"wp-image-1477 size-full\" srcset=\"https:\/\/vttlamalmaire.fr\/wp-content\/uploads\/2025\/02\/Affiche-retour-2025-BD-724x1024.jpg 724w, https:\/\/vttlamalmaire.fr\/wp-content\/uploads\/2025\/02\/Affiche-retour-2025-BD-212x300.jpg 212w, https:\/\/vttlamalmaire.fr\/wp-content\/uploads\/2025\/02\/Affiche-retour-2025-BD-768x1086.jpg 768w, https:\/\/vttlamalmaire.fr\/wp-content\/uploads\/2025\/02\/Affiche-retour-2025-BD.jpg 992w\" sizes=\"auto, (max-width: 724px) 100vw, 724px\" \/><\/a><\/figure><div class=\"wp-block-media-text__content\">\n<p class=\"has-white-color has-black-background-color has-text-color has-background has-link-color wp-elements-b7fe889b952ad397807c20ed7c21c61d\">Pour cette premi\u00e8re \u00e9dition du &#8220;<strong>retour des hirondelles<\/strong>&#8220;,&nbsp;le club VTT La Malmaire vous propose un nouveau format avec des circuits plus longs pour rouler en dehors de la for\u00eat de Compi\u00e8gne et de s&#8217;aventurer dans&nbsp;d&#8217;autres massifs forestiers et paysages. C&#8217;est&nbsp;l&#8217;occasion de d\u00e9couvrir de jolis chemins roulants pour les adeptes du Gravel et de beaux sentiers techniques pour le VTTistes. Certaines portions de circuit sont communes avec des traces sp\u00e9cifiques pour bien &#8220;profiter de votre monture&#8221; &#8230;  <br>Les 4 circuits propos\u00e9s ne seront pas balis\u00e9s, seuls quelques panneaux de s\u00e9curit\u00e9 seront implant\u00e9s sur le parcours. L&#8217;ensemble des traces gpx vous sera communiqu\u00e9 la veille de l&#8217;\u00e9v\u00e9nement. Plusieurs ravitaillements sont propos\u00e9s sur les parcours et un verre de bi\u00e8re produite par un brasseur local ou un soda ainsi qu&#8217;un sandwich vous seront offerts \u00e0 l&#8217;arriv\u00e9e.<br>Vous aurez la possibilit\u00e9 de nettoyer votre v\u00e9lo et de prendre une douche lors de votre retour \u00e0 la salle.<\/p>\n<\/div><\/div>\n\n\n\n<p><\/p>\n\n\n\n<figure class=\"wp-block-table aligncenter has-small-font-size\"><table><tbody><tr><td><strong>4 PARCOURS<\/strong><\/td><td><strong>D\u00c9NIVEL\u00c9<\/strong><\/td><\/tr><tr><td>Rando VTT 50 km<\/td><td>550 m<\/td><\/tr><tr><td>Rando VTT 70 km<\/td><td>800 m<\/td><\/tr><tr><td>Rando GRAVEL 75 km<\/td><td>700 m<\/td><\/tr><tr><td>Rando GRAVEL 90 km<\/td><td>1000 m<\/td><\/tr><\/tbody><\/table><\/figure>\n\n\n\n<p class=\"has-text-align-center\"><strong>Inscription obligatoire sur :<\/strong><\/p>\n\n\n<div class=\"wp-block-image\">\n<figure class=\"aligncenter size-full\"><img loading=\"lazy\" decoding=\"async\" width=\"398\" height=\"86\" src=\"http:\/\/vttlamalmaire.fr\/wp-content\/uploads\/2025\/02\/adeorun-logo.jpg\" alt=\"\" class=\"wp-image-1680\" srcset=\"https:\/\/vttlamalmaire.fr\/wp-content\/uploads\/2025\/02\/adeorun-logo.jpg 398w, https:\/\/vttlamalmaire.fr\/wp-content\/uploads\/2025\/02\/adeorun-logo-300x65.jpg 300w\" sizes=\"auto, (max-width: 398px) 100vw, 398px\" \/><\/figure>\n<\/div>\n\n\n<p><\/p>\n","protected":false},"excerpt":{"rendered":"<p>Amis(es) VTTistes, Malgr\u00e9 un d\u00e9p\u00f4t de dossier le 10 janvier 2025 sur la plateforme unique &nbsp;pour obtenir les autorisations n\u00e9cessaires \u00e0 l\u2019organisation de notre randonn\u00e9e le RETOUR DES HIRONDELLES, nous &#8230;<\/p>\n","protected":false},"author":1,"featured_media":0,"parent":0,"menu_order":0,"comment_status":"closed","ping_status":"closed","template":"template-fullwidth.php","meta":{"pgc_sgb_lightbox_settings":"","footnotes":""},"class_list":["post-1472","page","type-page","status-publish","hentry"],"yoast_head":"<!-- This site is optimized with the Yoast SEO plugin v24.4 - https:\/\/yoast.com\/wordpress\/plugins\/seo\/ -->\n<title>Le Retour des Hirondelles ANNUL\u00c9E - La Malmaire VTT<\/title>\n<meta name=\"robots\" content=\"index, follow, max-snippet:-1, max-image-preview:large, max-video-preview:-1\" \/>\n<link rel=\"canonical\" href=\"https:\/\/vttlamalmaire.fr\/index.php\/le-retour-des-hirondelles\/\" \/>\n<meta property=\"og:locale\" content=\"en_US\" \/>\n<meta property=\"og:type\" content=\"article\" \/>\n<meta property=\"og:title\" content=\"Le Retour des Hirondelles ANNUL\u00c9E - La Malmaire VTT\" \/>\n<meta property=\"og:description\" content=\"Amis(es) VTTistes, Malgr\u00e9 un d\u00e9p\u00f4t de dossier le 10 janvier 2025 sur la plateforme unique &nbsp;pour obtenir les autorisations n\u00e9cessaires \u00e0 l\u2019organisation de notre randonn\u00e9e le RETOUR DES HIRONDELLES, nous ...\" \/>\n<meta property=\"og:url\" content=\"https:\/\/vttlamalmaire.fr\/index.php\/le-retour-des-hirondelles\/\" \/>\n<meta property=\"og:site_name\" content=\"La Malmaire VTT\" \/>\n<meta property=\"article:publisher\" content=\"https:\/\/www.facebook.com\/p\/VTT-La-Malmaire-61550856553025\/\" \/>\n<meta property=\"article:modified_time\" content=\"2025-04-15T07:22:57+00:00\" \/>\n<meta property=\"og:image\" content=\"https:\/\/vttlamalmaire.fr\/wp-content\/uploads\/2025\/02\/Affiche-retour-2025-BD.jpg\" \/>\n\t<meta property=\"og:image:width\" content=\"992\" \/>\n\t<meta property=\"og:image:height\" content=\"1403\" \/>\n\t<meta property=\"og:image:type\" content=\"image\/jpeg\" \/>\n<meta name=\"twitter:card\" content=\"summary_large_image\" \/>\n<meta name=\"twitter:label1\" content=\"Est. reading time\" \/>\n\t<meta name=\"twitter:data1\" content=\"3 minutes\" \/>\n<script type=\"application\/ld+json\" class=\"yoast-schema-graph\">{\"@context\":\"https:\/\/schema.org\",\"@graph\":[{\"@type\":\"WebPage\",\"@id\":\"https:\/\/vttlamalmaire.fr\/index.php\/le-retour-des-hirondelles\/\",\"url\":\"https:\/\/vttlamalmaire.fr\/index.php\/le-retour-des-hirondelles\/\",\"name\":\"Le Retour des Hirondelles ANNUL\u00c9E - La Malmaire VTT\",\"isPartOf\":{\"@id\":\"https:\/\/vttlamalmaire.fr\/#website\"},\"primaryImageOfPage\":{\"@id\":\"https:\/\/vttlamalmaire.fr\/index.php\/le-retour-des-hirondelles\/#primaryimage\"},\"image\":{\"@id\":\"https:\/\/vttlamalmaire.fr\/index.php\/le-retour-des-hirondelles\/#primaryimage\"},\"thumbnailUrl\":\"http:\/\/vttlamalmaire.fr\/wp-content\/uploads\/2025\/02\/Affiche-retour-2025-BD-724x1024.jpg\",\"datePublished\":\"2025-02-15T16:20:22+00:00\",\"dateModified\":\"2025-04-15T07:22:57+00:00\",\"breadcrumb\":{\"@id\":\"https:\/\/vttlamalmaire.fr\/index.php\/le-retour-des-hirondelles\/#breadcrumb\"},\"inLanguage\":\"en-US\",\"potentialAction\":[{\"@type\":\"ReadAction\",\"target\":[\"https:\/\/vttlamalmaire.fr\/index.php\/le-retour-des-hirondelles\/\"]}]},{\"@type\":\"ImageObject\",\"inLanguage\":\"en-US\",\"@id\":\"https:\/\/vttlamalmaire.fr\/index.php\/le-retour-des-hirondelles\/#primaryimage\",\"url\":\"https:\/\/vttlamalmaire.fr\/wp-content\/uploads\/2025\/02\/Affiche-retour-2025-BD.jpg\",\"contentUrl\":\"https:\/\/vttlamalmaire.fr\/wp-content\/uploads\/2025\/02\/Affiche-retour-2025-BD.jpg\",\"width\":992,\"height\":1403},{\"@type\":\"BreadcrumbList\",\"@id\":\"https:\/\/vttlamalmaire.fr\/index.php\/le-retour-des-hirondelles\/#breadcrumb\",\"itemListElement\":[{\"@type\":\"ListItem\",\"position\":1,\"name\":\"Accueil\",\"item\":\"https:\/\/vttlamalmaire.fr\/\"},{\"@type\":\"ListItem\",\"position\":2,\"name\":\"Le Retour des Hirondelles ANNUL\u00c9E\"}]},{\"@type\":\"WebSite\",\"@id\":\"https:\/\/vttlamalmaire.fr\/#website\",\"url\":\"https:\/\/vttlamalmaire.fr\/\",\"name\":\"vttlamalmaire\",\"description\":\"\",\"publisher\":{\"@id\":\"https:\/\/vttlamalmaire.fr\/#organization\"},\"potentialAction\":[{\"@type\":\"SearchAction\",\"target\":{\"@type\":\"EntryPoint\",\"urlTemplate\":\"https:\/\/vttlamalmaire.fr\/?s={search_term_string}\"},\"query-input\":{\"@type\":\"PropertyValueSpecification\",\"valueRequired\":true,\"valueName\":\"search_term_string\"}}],\"inLanguage\":\"en-US\"},{\"@type\":\"Organization\",\"@id\":\"https:\/\/vttlamalmaire.fr\/#organization\",\"name\":\"La Malmaire VTT\",\"url\":\"https:\/\/vttlamalmaire.fr\/\",\"logo\":{\"@type\":\"ImageObject\",\"inLanguage\":\"en-US\",\"@id\":\"https:\/\/vttlamalmaire.fr\/#\/schema\/logo\/image\/\",\"url\":\"https:\/\/vttlamalmaire.fr\/wp-content\/uploads\/2025\/02\/logo-malmaire-texte-bd.jpg\",\"contentUrl\":\"https:\/\/vttlamalmaire.fr\/wp-content\/uploads\/2025\/02\/logo-malmaire-texte-bd.jpg\",\"width\":160,\"height\":22,\"caption\":\"La Malmaire VTT\"},\"image\":{\"@id\":\"https:\/\/vttlamalmaire.fr\/#\/schema\/logo\/image\/\"},\"sameAs\":[\"https:\/\/www.facebook.com\/p\/VTT-La-Malmaire-61550856553025\/\"]}]}<\/script>\n<!-- \/ Yoast SEO plugin. -->","yoast_head_json":{"title":"Le Retour des Hirondelles ANNUL\u00c9E - La Malmaire VTT","robots":{"index":"index","follow":"follow","max-snippet":"max-snippet:-1","max-image-preview":"max-image-preview:large","max-video-preview":"max-video-preview:-1"},"canonical":"https:\/\/vttlamalmaire.fr\/index.php\/le-retour-des-hirondelles\/","og_locale":"en_US","og_type":"article","og_title":"Le Retour des Hirondelles ANNUL\u00c9E - La Malmaire VTT","og_description":"Amis(es) VTTistes, Malgr\u00e9 un d\u00e9p\u00f4t de dossier le 10 janvier 2025 sur la plateforme unique &nbsp;pour obtenir les autorisations n\u00e9cessaires \u00e0 l\u2019organisation de notre randonn\u00e9e le RETOUR DES HIRONDELLES, nous ...","og_url":"https:\/\/vttlamalmaire.fr\/index.php\/le-retour-des-hirondelles\/","og_site_name":"La Malmaire VTT","article_publisher":"https:\/\/www.facebook.com\/p\/VTT-La-Malmaire-61550856553025\/","article_modified_time":"2025-04-15T07:22:57+00:00","og_image":[{"width":992,"height":1403,"url":"https:\/\/vttlamalmaire.fr\/wp-content\/uploads\/2025\/02\/Affiche-retour-2025-BD.jpg","type":"image\/jpeg"}],"twitter_card":"summary_large_image","twitter_misc":{"Est. reading time":"3 minutes"},"schema":{"@context":"https:\/\/schema.org","@graph":[{"@type":"WebPage","@id":"https:\/\/vttlamalmaire.fr\/index.php\/le-retour-des-hirondelles\/","url":"https:\/\/vttlamalmaire.fr\/index.php\/le-retour-des-hirondelles\/","name":"Le Retour des Hirondelles ANNUL\u00c9E - La Malmaire VTT","isPartOf":{"@id":"https:\/\/vttlamalmaire.fr\/#website"},"primaryImageOfPage":{"@id":"https:\/\/vttlamalmaire.fr\/index.php\/le-retour-des-hirondelles\/#primaryimage"},"image":{"@id":"https:\/\/vttlamalmaire.fr\/index.php\/le-retour-des-hirondelles\/#primaryimage"},"thumbnailUrl":"http:\/\/vttlamalmaire.fr\/wp-content\/uploads\/2025\/02\/Affiche-retour-2025-BD-724x1024.jpg","datePublished":"2025-02-15T16:20:22+00:00","dateModified":"2025-04-15T07:22:57+00:00","breadcrumb":{"@id":"https:\/\/vttlamalmaire.fr\/index.php\/le-retour-des-hirondelles\/#breadcrumb"},"inLanguage":"en-US","potentialAction":[{"@type":"ReadAction","target":["https:\/\/vttlamalmaire.fr\/index.php\/le-retour-des-hirondelles\/"]}]},{"@type":"ImageObject","inLanguage":"en-US","@id":"https:\/\/vttlamalmaire.fr\/index.php\/le-retour-des-hirondelles\/#primaryimage","url":"https:\/\/vttlamalmaire.fr\/wp-content\/uploads\/2025\/02\/Affiche-retour-2025-BD.jpg","contentUrl":"https:\/\/vttlamalmaire.fr\/wp-content\/uploads\/2025\/02\/Affiche-retour-2025-BD.jpg","width":992,"height":1403},{"@type":"BreadcrumbList","@id":"https:\/\/vttlamalmaire.fr\/index.php\/le-retour-des-hirondelles\/#breadcrumb","itemListElement":[{"@type":"ListItem","position":1,"name":"Accueil","item":"https:\/\/vttlamalmaire.fr\/"},{"@type":"ListItem","position":2,"name":"Le Retour des Hirondelles ANNUL\u00c9E"}]},{"@type":"WebSite","@id":"https:\/\/vttlamalmaire.fr\/#website","url":"https:\/\/vttlamalmaire.fr\/","name":"vttlamalmaire","description":"","publisher":{"@id":"https:\/\/vttlamalmaire.fr\/#organization"},"potentialAction":[{"@type":"SearchAction","target":{"@type":"EntryPoint","urlTemplate":"https:\/\/vttlamalmaire.fr\/?s={search_term_string}"},"query-input":{"@type":"PropertyValueSpecification","valueRequired":true,"valueName":"search_term_string"}}],"inLanguage":"en-US"},{"@type":"Organization","@id":"https:\/\/vttlamalmaire.fr\/#organization","name":"La Malmaire VTT","url":"https:\/\/vttlamalmaire.fr\/","logo":{"@type":"ImageObject","inLanguage":"en-US","@id":"https:\/\/vttlamalmaire.fr\/#\/schema\/logo\/image\/","url":"https:\/\/vttlamalmaire.fr\/wp-content\/uploads\/2025\/02\/logo-malmaire-texte-bd.jpg","contentUrl":"https:\/\/vttlamalmaire.fr\/wp-content\/uploads\/2025\/02\/logo-malmaire-texte-bd.jpg","width":160,"height":22,"caption":"La Malmaire VTT"},"image":{"@id":"https:\/\/vttlamalmaire.fr\/#\/schema\/logo\/image\/"},"sameAs":["https:\/\/www.facebook.com\/p\/VTT-La-Malmaire-61550856553025\/"]}]}},"_links":{"self":[{"href":"https:\/\/vttlamalmaire.fr\/index.php\/wp-json\/wp\/v2\/pages\/1472","targetHints":{"allow":["GET"]}}],"collection":[{"href":"https:\/\/vttlamalmaire.fr\/index.php\/wp-json\/wp\/v2\/pages"}],"about":[{"href":"https:\/\/vttlamalmaire.fr\/index.php\/wp-json\/wp\/v2\/types\/page"}],"author":[{"embeddable":true,"href":"https:\/\/vttlamalmaire.fr\/index.php\/wp-json\/wp\/v2\/users\/1"}],"replies":[{"embeddable":true,"href":"https:\/\/vttlamalmaire.fr\/index.php\/wp-json\/wp\/v2\/comments?post=1472"}],"version-history":[{"count":23,"href":"https:\/\/vttlamalmaire.fr\/index.php\/wp-json\/wp\/v2\/pages\/1472\/revisions"}],"predecessor-version":[{"id":1710,"href":"https:\/\/vttlamalmaire.fr\/index.php\/wp-json\/wp\/v2\/pages\/1472\/revisions\/1710"}],"wp:attachment":[{"href":"https:\/\/vttlamalmaire.fr\/index.php\/wp-json\/wp\/v2\/media?parent=1472"}],"curies":[{"name":"wp","href":"https:\/\/api.w.org\/{rel}","templated":true}]}}